{"id":762,"date":"2021-04-02T16:09:13","date_gmt":"2021-04-02T14:09:13","guid":{"rendered":"https:\/\/www.saegewerk-transporte.de\/de\/?page_id=762"},"modified":"2021-06-10T10:42:37","modified_gmt":"2021-06-10T08:42:37","slug":"ueber-uns-2","status":"publish","type":"page","link":"https:\/\/www.saegewerk-transporte.de\/de\/ueber-uns-2\/","title":{"rendered":"\u00dcber uns"},"content":{"rendered":"<p>[et_pb_section fb_built=&#8220;1&#8243; _builder_version=&#8220;4.9.1&#8243; _module_preset=&#8220;default&#8220; custom_margin=&#8220;0px||0px||false|false&#8220; custom_padding=&#8220;0px||0px||false|false&#8220;][et_pb_row _builder_version=&#8220;4.9.1&#8243; _module_preset=&#8220;default&#8220; background_image=&#8220;https:\/\/www.saegewerk-transporte.de\/de\/wp-content\/uploads\/2021\/03\/header-bunt.jpg&#8220; width=&#8220;100%&#8220; max_width=&#8220;100%&#8220; height=&#8220;100px&#8220; custom_margin=&#8220;0px||0px||false|false&#8220; custom_padding=&#8220;0px||0px||false|false&#8220;][et_pb_column type=&#8220;4_4&#8243; _builder_version=&#8220;4.9.1&#8243; _module_preset=&#8220;default&#8220;][et_pb_text admin_label=&#8220;stressfreier umzugsservice&#8220; _builder_version=&#8220;4.9.2&#8243; text_font=&#8220;||||||||&#8220; text_text_color=&#8220;#000000&#8243; text_font_size=&#8220;18px&#8220; text_line_height=&#8220;2.1em&#8220; header_font=&#8220;Oswald|500|||||||&#8220; header_text_color=&#8220;#141414&#8243; header_font_size=&#8220;60px&#8220; header_line_height=&#8220;1.4em&#8220; background_layout=&#8220;dark&#8220; custom_margin=&#8220;||||false|false&#8220; custom_padding=&#8220;||||false|false&#8220; text_font_size_tablet=&#8220;&#8220; text_font_size_phone=&#8220;15px&#8220; text_font_size_last_edited=&#8220;on|phone&#8220; header_font_tablet=&#8220;&#8220; header_font_phone=&#8220;&#8220; header_font_last_edited=&#8220;on|phone&#8220; header_font_size_tablet=&#8220;39px&#8220; header_font_size_phone=&#8220;31px&#8220; header_font_size_last_edited=&#8220;on|desktop&#8220; header_text_shadow_style=&#8220;preset1&#8243; header_text_shadow_horizontal_length=&#8220;0.03em&#8220; header_text_shadow_vertical_length=&#8220;0.01em&#8220; header_text_shadow_color=&#8220;#FFFFFF&#8220;]<\/p>\n<h1 style=\"text-align: center;\">Stressfreier Umzugs-Service &#8211; <a href=\"tel:+492112395513\">0211 239 55 13<\/a><\/h1>\n<p>[\/et_pb_text][\/et_pb_column][\/et_pb_row][\/et_pb_section][et_pb_section fb_built=&#8220;1&#8243; _builder_version=&#8220;4.9.3&#8243; background_color=&#8220;#FFFFFF&#8220; height=&#8220;60px&#8220; custom_margin=&#8220;0px|0px|0px|0px|false|false&#8220; custom_padding=&#8220;0px|0px|0px|0px|false|false&#8220; box_shadow_style=&#8220;preset3&#8243; box_shadow_vertical=&#8220;4px&#8220; box_shadow_spread=&#8220;-5px&#8220; box_shadow_color=&#8220;rgba(0,0,0,0.53)&#8220; global_module=&#8220;854&#8243;][et_pb_row _builder_version=&#8220;4.9.3&#8243; background_size=&#8220;initial&#8220; background_position=&#8220;top_left&#8220; background_repeat=&#8220;repeat&#8220; height=&#8220;6px&#8220; custom_margin=&#8220;0px||0px||false|false&#8220; custom_padding=&#8220;15px||0px||false|false&#8220;][et_pb_column type=&#8220;4_4&#8243; _builder_version=&#8220;4.9.3&#8243; _module_preset=&#8220;default&#8220;][et_pb_menu menu_style=&#8220;centered&#8220; active_link_color=&#8220;#000000&#8243; _builder_version=&#8220;4.9.3&#8243; _module_preset=&#8220;default&#8220; menu_font=&#8220;|600|||||||&#8220; menu_text_color=&#8220;#000000&#8243; menu_font_size=&#8220;20px&#8220;][\/et_pb_menu][\/et_pb_column][\/et_pb_row][\/et_pb_section][et_pb_section fb_built=&#8220;1&#8243; _builder_version=&#8220;4.9.4&#8243; _module_preset=&#8220;default&#8220;][et_pb_row _builder_version=&#8220;4.9.4&#8243; _module_preset=&#8220;default&#8220;][et_pb_column type=&#8220;4_4&#8243; _builder_version=&#8220;4.9.4&#8243; _module_preset=&#8220;default&#8220;][et_pb_text _builder_version=&#8220;4.9.4&#8243; _module_preset=&#8220;default&#8220; hover_enabled=&#8220;0&#8243; sticky_enabled=&#8220;0&#8243;]<\/p>\n<h1>\u00dcber uns<\/h1>\n<p>Vertrauen, Kompetenz, Fairness und Zuverl\u00e4ssigkeit. Diese Versprechen halten wir seit mehr als 30 Jahren Tag f\u00fcr Tag. Bei uns bekommen Sie mehr Leistung egal ob Nah- oder Fernumzug, Firmenumzug, Einlagerung, Montageservice, Einrichten von Halteverbotszonen, Packerservice, Au\u00dfenaufzug und alles andere rund um die Themen Umzug, Transport und Lagerung. Alles was Sie sonst noch f\u00fcr einen reibungslosen Umzug ben\u00f6tigen finden Sie in unserem Umzugs-Shop. Wir legen Wert auf Nachhaltigkeit, engagieren uns f\u00fcr soziale Projekte und sind Ausbildungsbetrieb. Unser kompetentes und serviceorientiertes Fachpersonal sorgt daf\u00fcr, dass Sie in Ihrem neuen Zuhause stressfrei ankommen.<br \/>Daf\u00fcr stehe ich mit meinem Namen!<\/p>\n<p><em><img loading=\"lazy\" decoding=\"async\" src=\"https:\/\/www.saegewerk-transporte.de\/de\/wp-content\/uploads\/2021\/06\/unterschrift-vasile-ursache-300x40.png\" width=\"300\" height=\"40\" alt=\"\" class=\"wp-image-238833 alignnone size-medium\" srcset=\"https:\/\/www.saegewerk-transporte.de\/de\/wp-content\/uploads\/2021\/06\/unterschrift-vasile-ursache-300x40.png 300w, https:\/\/www.saegewerk-transporte.de\/de\/wp-content\/uploads\/2021\/06\/unterschrift-vasile-ursache.png 303w\" sizes=\"(max-width: 300px) 100vw, 300px\" \/><\/em><\/p>\n<p><em>Ihr Vasile Ursache<\/em><br \/>Inhaber &amp; Gesch\u00e4ftsf\u00fchrer<\/p>\n<p>[\/et_pb_text][\/et_pb_column][\/et_pb_row][\/et_pb_section][et_pb_section fb_built=&#8220;1&#8243; _builder_version=&#8220;4.9.4&#8243; custom_margin=&#8220;0px||0px||true|false&#8220; custom_padding=&#8220;0px||0px||true|false&#8220;][et_pb_row _builder_version=&#8220;4.9.3&#8243; _module_preset=&#8220;default&#8220; width=&#8220;100%&#8220;][et_pb_column type=&#8220;4_4&#8243; _builder_version=&#8220;4.9.3&#8243; _module_preset=&#8220;default&#8220;][et_pb_image src=&#8220;https:\/\/www.saegewerk-transporte.de\/de\/wp-content\/uploads\/2021\/04\/Saegewerk-on-tour-1080.jpg&#8220; title_text=&#8220;Saegewerk-on-tour-1080&#8243; force_fullwidth=&#8220;on&#8220; _builder_version=&#8220;4.9.3&#8243; _module_preset=&#8220;default&#8220;][\/et_pb_image][\/et_pb_column][\/et_pb_row][et_pb_row _builder_version=&#8220;3.25&#8243; background_size=&#8220;initial&#8220; background_position=&#8220;top_left&#8220; background_repeat=&#8220;repeat&#8220;][et_pb_column type=&#8220;4_4&#8243; _builder_version=&#8220;3.25&#8243; custom_padding=&#8220;|||&#8220; custom_padding__hover=&#8220;|||&#8220;][et_pb_text _builder_version=&#8220;4.9.3&#8243; background_size=&#8220;initial&#8220; background_position=&#8220;top_left&#8220; background_repeat=&#8220;repeat&#8220;]<\/p>\n<h2>Unser Service &#8211; alles aus einer Hand!<\/h2>\n<p><strong>Tradition und Innovation sind die S\u00e4ulen auf denen unsere Unternehmen steht!<\/strong><br \/>Seit Generationen vertrauen Menschen darauf, dass wir Sie und ihren Besitz sicher und zuverl\u00e4ssig von A nach B transportieren.<br \/>Und dabei leisten wir noch viel mehr:<br \/>Detaillierte und kompetente Umzugsplanung, saubere und sichere Einlagerungen, Ein- und Auspackservice, Montage beim Auf- und Abbau von M\u00f6beln und K\u00fcchen, perfekt sortierter Umzugsshop und nat\u00fcrlich auch das Einrichten von Halteverbotszonen, damit der Umzug mit ausreichend Platz und ohne \u00c4rger \u00fcber die B\u00fchne geht.<\/p>\n<p>Auch das Spezialgebiet Firmenumz\u00fcge nehmen wir professionell in die Hand.<br \/>Mit gr\u00f6\u00dfter Sorgfalt und Routine gehen wir an die Planung, die Erstellung eines individuellen Angebots, den Ab- und Aufbau Ihrer B\u00fcrom\u00f6bel bis hin zur Einrichtung von Halteverbotszonen vor dem Unternehmen oder den Abschluss einer Transportversicherung heran \u2013 wir lassen nichts unbedacht.<\/p>\n<p>Und dabei ist unsere Geschichte so bunt wie ein Regenbogen.<br \/>Wir sind durch und durch ein soziales Unternehmen. Denn unsere Wurzeln stammen aus der Initiative S\u00e4gewerk e.V. , einem sozialen Verein, der sich in erste Linie um Kinder- und Altenarbeit k\u00fcmmerte \u2013 das war <strong>1982<\/strong>. Um den Betrieb, der von der Stadt nicht unterst\u00fctzt wurde, weiterf\u00fchren und finanzieren zu k\u00f6nnen, begannen die Mitglieder Kleintransporte, Umz\u00fcge und Haushaltsaufl\u00f6sungen durchzuf\u00fchren. Irgendwann erkannten die Verantwortlichen der Stadt die Wichtigkeit der Initiative und stellte neben finanzieller Unterst\u00fctzung auch R\u00e4umlichkeiten zur Verf\u00fcgung.<\/p>\n<p>Das Transportgesch\u00e4ft lief weiter, denn es war erfolgreich und machte auch Spa\u00df. Die Initiatoren boten arbeitslosen Jugendlichen eine neue Lebensperspektive. Der n\u00e4chste Schritt f\u00fchrte dann zur Gr\u00fcndung der Firma S\u00e4gewerk Transporte durch Hermann Robben, Elli Dolff und Sven Hegeler im Juni <strong>1984<\/strong>.<\/p>\n<p>Auf Grund des konstanten Wachstums wurde der Betrieb einige Zeit sp\u00e4ter in eine privatwirtschaftliche Firma umgewandelt.<\/p>\n<p><strong>2007<\/strong> \u00fcbergaben die Inhaber nach 25 Jahren erfolgreichen Schaffens die Gesch\u00e4ftsf\u00fchrung an Vasile Ursache. Er hat das Umzugsgesch\u00e4ft im Unternehmen von Grund auf gelernt.<\/p>\n<p><strong>2006<\/strong> wurde eine Lagerhalle \u2013 die \u201eVilla Kunterbunt\u201c gebaut und 2011 aufgrund der gro\u00dfen Nachfrage erweitert. Die Boxen sind \u00fcbrigens eine \u201eErfindung\u201c von Firmeninhaber Vasile Ursache.<\/p>\n<p>Heute arbeiten bei und mit S\u00e4gewerk Transporte mehr als 75 Menschen. Es gibt 14 kunterbunte LKW, zwei Au\u00dfenaufz\u00fcge, einen Montagewagen, sowie 2 Sprinter f\u00fcr Kartonlieferungen und das Einrichten von Halteverbotszonen.<\/p>\n<p>&nbsp;<\/p>\n<p>Achja, und falls Sie sich fragen warum unsere Fahrzeuge \u201e<strong>Bumblebee<\/strong>\u201c, \u201e<strong>Karlsson vom Dach<\/strong>\u201c oder \u201e<strong>Die kleine Hexe<\/strong>\u201c hei\u00dfen \u2013 fragen Sie mal Ihre Kinder. Immer wenn eines unserer Fahrzeuge vor dem Haus steht, dann wird der Umzug f\u00fcr unsere Kunden m\u00e4rchenhaft und kinderleicht.<\/p>\n<p>[\/et_pb_text][\/et_pb_column][\/et_pb_row][\/et_pb_section]<\/p>\n","protected":false},"excerpt":{"rendered":"<p>Stressfreier Umzugs-Service &#8211; 0211 239 55 13\u00dcber uns Vertrauen, Kompetenz, Fairness und Zuverl\u00e4ssigkeit. Diese Versprechen halten wir seit mehr als 30 Jahren Tag f\u00fcr Tag. Bei uns bekommen Sie mehr Leistung egal ob Nah- oder Fernumzug, Firmenumzug, Einlagerung, Montageservice, Einrichten von Halteverbotszonen, Packerservice, Au\u00dfenaufzug und alles andere rund um die Themen Umzug, Transport und Lagerung. [&hellip;]<\/p>\n","protected":false},"author":1,"featured_media":0,"parent":0,"menu_order":0,"comment_status":"closed","ping_status":"closed","template":"","meta":{"_et_pb_use_builder":"on","_et_pb_old_content":"<p>Entwickelt hat sich die Firma 1982 aus der Initiative S\u00e4gewerk e.V. , einem sozialen Verein, welcher in erste Linie Kinder- und Altenarbeit verrichtete. Da dem Verein \u00fcber einen Zeitraum von 10 Jahren seitens der Stadt keine R\u00e4umlichkeiten zur Verf\u00fcgung gestellt wurden, arbeitete der Verein zu Beginn der 80er Jahre (des letzten Jahrhunderts) vor\u00fcbergehend in einem besetzten Haus auf der Neusser Stra\u00dfe. Dies hatte jedoch zur Folge, dass dem Verein s\u00e4mtliche st\u00e4dtischen Zusch\u00fcsse gestrichen wurden.<\/p><p>Um weiterarbeiten zu k\u00f6nnen, begannen die Mitglieder Kleintransporte, Umz\u00fcge und Haushaltsaufl\u00f6sungen durchzuf\u00fchren. Die Erl\u00f6se wurden der Initiative zugef\u00fchrt, so dass die Arbeit des Vereins fortgef\u00fchrt werden konnte.<\/p><p>Als die Stadt die Wichtigkeit der Initiative endlich erkannte und dem Verein finanzielle Unterst\u00fctzung und R\u00e4umlichkeiten zur Verf\u00fcgung stellte, konnte der Verein auch ohne die Transportarbeiten weiterarbeiten. Da das Transportgesch\u00e4ft jedoch so erfolgreich angelaufen war, lief es erst einmal nebenher weiter.<br \/>Einige Mitglieder des Vereins erkannten jedoch das Potential, die das Transportgesch\u00e4ft bot, n\u00e4mlich die M\u00f6glichkeit arbeitslosen Jugendlichen aus und um den Verein herum eine neue Lebensperspektive zu bieten und so gr\u00fcndeten Hermann Robben, Elli Dolff und Sven Hegeler im Juni 1984 die Firma S\u00e4gewerk Transporte. Das Unternehmen entwickelte sich rasch, so dass die Existenz aller Mitarbeiter bald gesichert war und sogar noch mehr Menschen eingestellt werden konnten.<\/p><p>\u00a0<\/p><p>Auf Grund des konstanten, steten Wachstums wurde der Betrieb einige Zeit sp\u00e4ter in eine privatwirtschaftliche Firma umgewandelt. Die Firma wuchs stetig und z\u00e4hlte in Ihrem zwanzigsten Jahr des Bestehens bereits 50 Mitarbeiter und einen Fuhrpark von 8 bunten LKW, sowie einem Au\u00dfenaufzug. Im Jahr 2003 wurde der erste selbst im S\u00e4gewerk ausgebildete Speditionskaufmann nach erfolgreichem Abschluss angestellt, es sollte nicht der letzte bleiben.<\/p><p>\u00a0<\/p><p>Im Jahr 2007 \u00fcbergaben Hermann Robben und Elli Dolff nach 25 Jahren erfolgreichen Schaffens die Gesch\u00e4ftsf\u00fchrung an Vasile Ursache. Vasile arbeitet bereits seit 1994 in unserem Unternehmen, zun\u00e4chst als M\u00f6beltr\u00e4ger auf dem LKW, sp\u00e4ter dann auch im B\u00fcro, sodass man ihn getrost als \u201eEigengew\u00e4chs\u201c der Firma bezeichnen kann, schlie\u00dflich hat er das Umzugsgesch\u00e4ft hier von Grund auf gelernt. Auch unter Vasile entwickelt sich das Unternehmen stetig weiter.<\/p><p>\u00a0<\/p><p>Im Jahr 2009 \u00fcbernahm die Firma S\u00e4gewerk Transporte die Mitarbeiter und damit das Know-How der insolventen Firma Office Dienstleistungsteam, sodass wir unser Angebot um den Bereich der B\u00fcrom\u00f6belmontage erweitern konnten.<\/p><p>Unsere 2006 gebaute Lagerhalle, die Villa Kunterbunt, wurde auf Grund der entsprechenden Nachfrage im Jahr 2011 erweitert.<\/p><p>Im Jahr 2012 feierten wir 30 Jahre S\u00e4gewerk Transporte.<\/p><p>\u00a0<\/p><p>Unser Fuhrpark z\u00e4hlt aktuell 14 LKW, zwei Au\u00dfenaufz\u00fcge, einen Montagewagen, sowie 2 Sprinter f\u00fcr Kartonlieferungen und das Einrichten von Halteverbotszonen. Die Zahl der Mitarbeiter ist auf 75 gewachsen.<\/p><p>\u00a0<\/p><p>Da wir weiterhin unseren Mitarbeitern eine sichere Zukunft, sowie unseren Kunden die bestm\u00f6gliche Leistung bieten m\u00f6chten, suchen wir immer teamf\u00e4hige, zuverl\u00e4ssige Menschen um unser Team zu erweitern.<\/p>","_et_gb_content_width":"","footnotes":""},"class_list":["post-762","page","type-page","status-publish","hentry"],"_links":{"self":[{"href":"https:\/\/www.saegewerk-transporte.de\/de\/wp-json\/wp\/v2\/pages\/762","targetHints":{"allow":["GET"]}}],"collection":[{"href":"https:\/\/www.saegewerk-transporte.de\/de\/wp-json\/wp\/v2\/pages"}],"about":[{"href":"https:\/\/www.saegewerk-transporte.de\/de\/wp-json\/wp\/v2\/types\/page"}],"author":[{"embeddable":true,"href":"https:\/\/www.saegewerk-transporte.de\/de\/wp-json\/wp\/v2\/users\/1"}],"replies":[{"embeddable":true,"href":"https:\/\/www.saegewerk-transporte.de\/de\/wp-json\/wp\/v2\/comments?post=762"}],"version-history":[{"count":3,"href":"https:\/\/www.saegewerk-transporte.de\/de\/wp-json\/wp\/v2\/pages\/762\/revisions"}],"predecessor-version":[{"id":238835,"href":"https:\/\/www.saegewerk-transporte.de\/de\/wp-json\/wp\/v2\/pages\/762\/revisions\/238835"}],"wp:attachment":[{"href":"https:\/\/www.saegewerk-transporte.de\/de\/wp-json\/wp\/v2\/media?parent=762"}],"curies":[{"name":"wp","href":"https:\/\/api.w.org\/{rel}","templated":true}]}}